{"id":26,"date":"2023-03-26T18:45:55","date_gmt":"2023-03-26T21:45:55","guid":{"rendered":"https:\/\/eolcba.com.ar\/jornadas2023\/?page_id=26"},"modified":"2023-06-21T09:37:15","modified_gmt":"2023-06-21T12:37:15","slug":"programa","status":"publish","type":"page","link":"https:\/\/eolcba.com.ar\/jornadas2023\/programa\/","title":{"rendered":"PROGRAMA"},"content":{"rendered":"<p><div class=\"fusion-fullwidth fullwidth-box fusion-builder-row-1 fusion-flex-container has-pattern-background has-mask-background nonhundred-percent-fullwidth non-hundred-percent-height-scrolling\" style=\"--awb-border-radius-top-left:0px;--awb-border-radius-top-right:0px;--awb-border-radius-bottom-right:0px;--awb-border-radius-bottom-left:0px;--awb-flex-wrap:wrap;\" ><div class=\"fusion-builder-row fusion-row fusion-flex-align-items-flex-start fusion-flex-content-wrap\" style=\"max-width:1352px;margin-left: calc(-4% \/ 2 );margin-right: calc(-4% \/ 2 );\"><div class=\"fusion-layout-column fusion_builder_column fusion-builder-column-0 fusion_builder_column_1_1 1_1 fusion-flex-column\" style=\"--awb-bg-size:cover;--awb-width-large:100%;--awb-margin-top-large:0px;--awb-spacing-right-large:1.92%;--awb-margin-bottom-large:20px;--awb-spacing-left-large:1.92%;--awb-width-medium:100%;--awb-order-medium:0;--awb-spacing-right-medium:1.92%;--awb-spacing-left-medium:1.92%;--awb-width-small:100%;--awb-order-small:0;--awb-spacing-right-small:1.92%;--awb-spacing-left-small:1.92%;\"><div class=\"fusion-column-wrapper fusion-column-has-shadow fusion-flex-justify-content-flex-start fusion-content-layout-column\"><div class=\"fusion-builder-row fusion-builder-row-inner fusion-row fusion-flex-align-items-flex-start fusion-flex-content-wrap\" style=\"width:104% !important;max-width:104% !important;margin-left: calc(-4% \/ 2 );margin-right: calc(-4% \/ 2 );\"><div class=\"fusion-layout-column fusion_builder_column_inner fusion-builder-nested-column-0 fusion_builder_column_inner_1_1 1_1 fusion-flex-column\" style=\"--awb-padding-top:5px;--awb-bg-color:#0b6e99;--awb-bg-color-hover:#0b6e99;--awb-bg-size:cover;--awb-width-large:100%;--awb-margin-top-large:0px;--awb-spacing-right-large:1.92%;--awb-margin-bottom-large:20px;--awb-spacing-left-large:1.92%;--awb-width-medium:100%;--awb-order-medium:0;--awb-spacing-right-medium:1.92%;--awb-spacing-left-medium:1.92%;--awb-width-small:100%;--awb-order-small:0;--awb-spacing-right-small:1.92%;--awb-spacing-left-small:1.92%;\" data-scroll-devices=\"small-visibility,medium-visibility,large-visibility\"><div class=\"fusion-column-wrapper fusion-column-has-shadow fusion-flex-justify-content-flex-start fusion-content-layout-column\"><div class=\"fusion-title title fusion-title-1 fusion-sep-none fusion-title-center fusion-title-text fusion-title-size-one\" style=\"--awb-text-color:#ffffff;--awb-font-size:30px;\"><h1 class=\"fusion-title-heading title-heading-center\" style=\"margin:0;font-size:1em;\">VIERNES 23 DE JUNIO<\/h1><\/div><\/div><\/div><\/div><ul style=\"--awb-divider-color:rgba(67,69,73,0.5);--awb-line-height:27.2px;--awb-icon-width:27.2px;--awb-icon-height:27.2px;--awb-icon-margin:11.2px;--awb-content-margin:38.4px;--awb-circlecolor:var(--awb-color4);--awb-circle-yes-font-size:14.08px;\" class=\"fusion-checklist fusion-checklist-1 fusion-checklist-default fusion-checklist-divider type-icons\"><li class=\"fusion-li-item\" style=\"\"><span class=\"icon-wrapper circle-yes\"><i class=\"fusion-li-icon fa-angle-right fas\" aria-hidden=\"true\"><\/i><\/span><div class=\"fusion-li-item-content\">\n<p><strong>13:30 &#8211; 14:00 hs. <\/strong>|<span style=\"color: #0b6e99;\"><strong> Acreditaciones<\/strong><\/span><\/p>\n<\/div><\/li><li class=\"fusion-li-item\" style=\"\"><span class=\"icon-wrapper circle-yes\"><i class=\"fusion-li-icon fa-angle-right fas\" aria-hidden=\"true\"><\/i><\/span><div class=\"fusion-li-item-content\">\n<p><strong>14:00 &#8211; 14:10 hs. <\/strong>|<span style=\"color: #0b6e99;\"><strong> Apertura<\/strong><\/span>: Roxana Chiatti<\/p>\n<\/div><\/li><\/ul><ul style=\"--awb-odd-row-bgcolor:rgba(67,69,73,0.1);--awb-divider-color:rgba(67,69,73,0.5);--awb-line-height:27.2px;--awb-icon-width:27.2px;--awb-icon-height:27.2px;--awb-icon-margin:11.2px;--awb-content-margin:38.4px;--awb-circlecolor:var(--awb-color4);--awb-circle-yes-font-size:14.08px;\" class=\"fusion-checklist fusion-checklist-2 fusion-checklist-divider type-icons\"><li class=\"fusion-li-item\" style=\"--awb-circlecolor:var(--awb-color5);\"><span class=\"icon-wrapper circle-yes\"><i class=\"fusion-li-icon fa-angle-right fas\" aria-hidden=\"true\"><\/i><\/span><div class=\"fusion-li-item-content\">\n<p><strong>14:10 &#8211; 15:25 hs. <\/strong>|<strong><span style=\"color: #0b6e99;\"> \u201cLa cl\u00ednica es lo real en cuanto que es lo imposible de soportar\u201d<\/span><br \/>\n<\/strong><\/p>\n<ul>\n<li>Lo imposible de soportar, respuestas y tratamiento por la experiencia anal\u00edtica &#8211; Sonia Mankoff<\/li>\n<li><em>Insoporte<\/em> &#8211; Gisela Smania<\/li>\n<li>\u00abHay cl\u00ednica cuando hay un real\u00bb &#8211; Virginia Guti\u00e9rrez<br \/>\nAnima: Beatriz Gregoret<\/li>\n<\/ul>\n<\/div><\/li><\/ul><ul style=\"--awb-divider-color:rgba(67,69,73,0.5);--awb-line-height:27.2px;--awb-icon-width:27.2px;--awb-icon-height:27.2px;--awb-icon-margin:11.2px;--awb-content-margin:38.4px;--awb-circlecolor:var(--awb-color4);--awb-circle-yes-font-size:14.08px;\" class=\"fusion-checklist fusion-checklist-3 fusion-checklist-default fusion-checklist-divider type-icons\"><li class=\"fusion-li-item\" style=\"\"><span class=\"icon-wrapper circle-yes\"><i class=\"fusion-li-icon fa-angle-right fas\" aria-hidden=\"true\"><\/i><\/span><div class=\"fusion-li-item-content\">\n<p><strong>15:25 &#8211; 15:30 hs. <\/strong>|<span style=\"color: #0b6e99;\"><strong> Presentaci\u00f3n de de las XXXII Jornadas Nacionales de Carteles<br \/>\n<\/strong><\/span>Elaboraci\u00f3n Colectiva\u2026 Producci\u00f3n Individual<br \/>\nAna Lubatti<br \/>\n<strong><br \/>\n<\/strong><\/p>\n<\/div><\/li><li class=\"fusion-li-item\" style=\"\"><span class=\"icon-wrapper circle-yes\"><i class=\"fusion-li-icon fa-angle-right fas\" aria-hidden=\"true\"><\/i><\/span><div class=\"fusion-li-item-content\">\n<p><strong>15:30 &#8211; 16:00 hs. <\/strong>|<span style=\"color: #0b6e99;\"><strong> Break<\/strong><\/span><strong><br \/>\n<\/strong><\/p>\n<\/div><\/li><li class=\"fusion-li-item\" style=\"\"><span class=\"icon-wrapper circle-yes\"><i class=\"fusion-li-icon fa-angle-right fas\" aria-hidden=\"true\"><\/i><\/span><div class=\"fusion-li-item-content\">\n<p><strong>16:00 &#8211; 17:00 hs. <\/strong>|<span style=\"color: #0b6e99;\"><strong> Trabajo de Escuela<br \/>\n<\/strong><\/span><span style=\"color: #ffffff;\">.<\/span><\/p>\n<ul>\n<li><span style=\"color: #000000;\"><strong>SALA ROJA<br \/>\n<\/strong><span style=\"color: #0b6e99;\"><strong>En los tiempos que corren, lo insoportable del misterio del cuerpo<\/strong><\/span><\/span><\/p>\n<ul>\n<li>El cuerpo en <em>Discord<\/em> &#8211; B\u00e1rbara Navarro<\/li>\n<li>Uso y funci\u00f3n de la imagen en la psicosis &#8211; Ignacio Degano \u00c1balos*<br \/>\nAnima: Gabriela Dargenton<\/li>\n<\/ul>\n<\/li>\n<\/ul>\n<p><span style=\"color: #ffffff;\">.<\/span><\/p>\n<ul>\n<li><span style=\"color: #000000;\"><strong>SALA AMARILLA<br \/>\n<\/strong><span style=\"color: #0b6e99;\"><strong>\u00bfC\u00f3mo tratar lo imposible de soportar, analizante, analista? Formaci\u00f3n del analista<\/strong><\/span><\/span><\/p>\n<ul>\n<li>Lo insoportable y lo imposible de soportar en la formaci\u00f3n del analista &#8211; Fernando Pomba<\/li>\n<li>Una \u201cDelgada L\u00ednea\u201d &#8211; Laura Cecchini*<br \/>\nAnima: Graciela Mart\u00ednez<span style=\"color: #ffffff;\">.<\/span><\/li>\n<\/ul>\n<\/li>\n<\/ul>\n<p><span style=\"color: #ffffff;\">.<\/span><\/p>\n<ul>\n<li><span style=\"color: #000000;\"><strong>SALA VERDE<br \/>\n<\/strong><span style=\"color: #0b6e99;\"><strong>Lo insoportable, \u00bfc\u00f3mo tratarlo? El analista soporte en la urgencia<\/strong><\/span><\/span><\/p>\n<ul>\n<li>De la an\u00e9cdota a lo no evidente &#8211; Natalia Andreini<\/li>\n<li>Relato de una Admisi\u00f3n &#8211; Valeria Vinocur*<br \/>\nAnima: \u00c1lvaro Stella<\/li>\n<\/ul>\n<\/li>\n<\/ul>\n<\/div><\/li><li class=\"fusion-li-item\" style=\"\"><span class=\"icon-wrapper circle-yes\"><i class=\"fusion-li-icon fa-angle-right fas\" aria-hidden=\"true\"><\/i><\/span><div class=\"fusion-li-item-content\">\n<p><strong>17:15 &#8211; 18:15 hs. <\/strong>|<span style=\"color: #0b6e99;\"><strong> Trabajo de Escuela<br \/>\n<\/strong><\/span><span style=\"color: #ffffff;\">.<\/span><\/p>\n<ul>\n<li><span style=\"color: #000000;\"><span style=\"color: #000000;\"><strong>SALA ROJA<br \/>\n<\/strong><span style=\"color: #0b6e99;\"><strong>Cl\u00ednica de lo real. \u00bfC\u00f3mo tratar lo imprevisto insoportable?<\/strong><\/span><\/span><\/span><\/p>\n<ul>\n<li>Usos de lo insoportable en la experiencia anal\u00edtica &#8211; Pia Liberati<\/li>\n<li>\u201cYo me expongo, tambi\u00e9n miro\u201d &#8211; Milagros Rodr\u00edguez*<br \/>\nAnima: Marisol Guti\u00e9rrez<span style=\"color: #000000;\"><br \/>\n<span style=\"color: #ffffff;\">.<\/span><br \/>\n<\/span><\/li>\n<\/ul>\n<\/li>\n<\/ul>\n<ul>\n<li><span style=\"color: #000000;\"><span style=\"color: #000000;\"><strong>SALA AMARILLA<br \/>\n<\/strong><span style=\"color: #0b6e99;\"><strong>Lo imposible de soportar, \u00bfc\u00f3mo tratarlo en la pr\u00e1ctica virtual?<\/strong><\/span><\/span><\/span><\/p>\n<ul>\n<li>Una apuesta &#8211; Raquel Narbona<\/li>\n<li>Sacar de foco &#8211; Gigliola Foco*<br \/>\nAnima: Alejandra Breglia<span style=\"color: #000000;\"><br \/>\n<span style=\"color: #ffffff;\">.<\/span><br \/>\n<\/span><\/li>\n<\/ul>\n<\/li>\n<\/ul>\n<ul>\n<li><span style=\"color: #000000;\"><span style=\"color: #000000;\"><strong>SALA VERDE<br \/>\n<\/strong><span style=\"color: #0b6e99;\"><strong>Lo imposible en el lazo colectivo. El lazo transferencial como soporte de la vida<\/strong><\/span><\/span><\/span><\/p>\n<ul>\n<li>No hay an\u00e1lisis sin creencia &#8211; Mat\u00edas Meichtri Quintans<\/li>\n<li>\u201cYo s\u00e9 mucho de todo\u201d &#8211; Morena Fern\u00e1ndez*<br \/>\nAnima: Hilda Vittar<\/li>\n<\/ul>\n<\/li>\n<\/ul>\n<\/div><\/li><li class=\"fusion-li-item\" style=\"\"><span class=\"icon-wrapper circle-yes\"><i class=\"fusion-li-icon fa-angle-right fas\" aria-hidden=\"true\"><\/i><\/span><div class=\"fusion-li-item-content\">\n<p><strong>18:30 &#8211; 19:30 hs. <\/strong>|<span style=\"color: #0b6e99;\"><strong> Trabajo de Escuela<br \/>\n<\/strong><\/span><span style=\"color: #ffffff;\">.<\/span><\/p>\n<ul>\n<li><span style=\"color: #000000;\"><span style=\"color: #000000;\"><span style=\"color: #000000;\"><strong>SALA ROJA<br \/>\n<span style=\"color: #0b6e99;\">Lo insoportable, \u00bfc\u00f3mo tratarlo? El analista como soporte<\/span><\/strong><\/span><\/span><\/span><\/p>\n<ul>\n<li>La paciencia del agua que cae sobre la piedra &#8211; Carolina C\u00f3rdoba<\/li>\n<li>De lo insoportable de vivir a la presencia del analista como soporte de la vida &#8211; Natal\u00ed Ivanier<\/li>\n<li>La pared &#8211; Mar\u00eda Paula Guzm\u00e1n*<br \/>\nAnima: Antonia Caparroz<br \/>\n<span style=\"color: #ffffff;\">.<\/span><\/li>\n<\/ul>\n<\/li>\n<\/ul>\n<ul>\n<li><span style=\"color: #000000;\"><span style=\"color: #000000;\"><strong>SALA AMARILLA<br \/>\n<span style=\"color: #0b6e99;\">Lo insoportable, \u00bfc\u00f3mo tratarlo? An\u00e1lisis como soporte de la transmutaci\u00f3n subjetiva<\/span><\/strong><\/span><\/span><\/p>\n<ul>\n<li>Ni hombre ni mujer &#8211; Luc\u00eda Bringas<\/li>\n<li>Una v\u00eda de tratamiento ante el real insoportable&#8230; tomar distancia &#8211; Romina Fagliani*<br \/>\nAnima: Carolina Rovere<span style=\"color: #ffffff;\"><br \/>\n.<br \/>\n<\/span><\/li>\n<\/ul>\n<\/li>\n<\/ul>\n<ul>\n<li><span style=\"color: #000000;\"><span style=\"color: #000000;\"><span style=\"color: #000000;\"><strong>SALA VERDE<br \/>\n<span style=\"color: #0b6e99;\">Funci\u00f3n del deseo del analista ante lo imposible de soportar en la orientaci\u00f3n de una cura<\/span><\/strong><\/span><\/span><\/span><\/p>\n<ul>\n<li>El analista participa en la escritura &#8211; Jorge Ag\u00fcero<\/li>\n<li>Una mujer sin rostro &#8211; Marcela Mas<br \/>\nAnima: Claudia Lijtinstens<br \/>\n<span style=\"color: #000000;\"><span style=\"color: #000000;\"><br \/>\n<\/span><\/span><\/li>\n<\/ul>\n<\/li>\n<\/ul>\n<\/div><\/li><\/ul><\/div><\/div><\/div><\/div><div class=\"fusion-fullwidth fullwidth-box fusion-builder-row-2 fusion-flex-container has-pattern-background has-mask-background nonhundred-percent-fullwidth non-hundred-percent-height-scrolling\" style=\"--awb-border-radius-top-left:0px;--awb-border-radius-top-right:0px;--awb-border-radius-bottom-right:0px;--awb-border-radius-bottom-left:0px;--awb-margin-top:40px;--awb-flex-wrap:wrap;\" ><div class=\"fusion-builder-row fusion-row fusion-flex-align-items-flex-start fusion-flex-content-wrap\" style=\"max-width:1352px;margin-left: calc(-4% \/ 2 );margin-right: calc(-4% \/ 2 );\"><div class=\"fusion-layout-column fusion_builder_column fusion-builder-column-1 fusion_builder_column_1_1 1_1 fusion-flex-column\" style=\"--awb-bg-size:cover;--awb-width-large:100%;--awb-margin-top-large:0px;--awb-spacing-right-large:1.92%;--awb-margin-bottom-large:20px;--awb-spacing-left-large:1.92%;--awb-width-medium:100%;--awb-order-medium:0;--awb-spacing-right-medium:1.92%;--awb-spacing-left-medium:1.92%;--awb-width-small:100%;--awb-order-small:0;--awb-spacing-right-small:1.92%;--awb-spacing-left-small:1.92%;\"><div class=\"fusion-column-wrapper fusion-column-has-shadow fusion-flex-justify-content-flex-start fusion-content-layout-column\"><div class=\"fusion-builder-row fusion-builder-row-inner fusion-row fusion-flex-align-items-flex-start fusion-flex-content-wrap\" style=\"width:104% !important;max-width:104% !important;margin-left: calc(-4% \/ 2 );margin-right: calc(-4% \/ 2 );\"><div class=\"fusion-layout-column fusion_builder_column_inner fusion-builder-nested-column-1 fusion_builder_column_inner_1_1 1_1 fusion-flex-column\" style=\"--awb-padding-top:5px;--awb-bg-color:#0b6e99;--awb-bg-color-hover:#0b6e99;--awb-bg-size:cover;--awb-width-large:100%;--awb-margin-top-large:0px;--awb-spacing-right-large:1.92%;--awb-margin-bottom-large:20px;--awb-spacing-left-large:1.92%;--awb-width-medium:100%;--awb-order-medium:0;--awb-spacing-right-medium:1.92%;--awb-spacing-left-medium:1.92%;--awb-width-small:100%;--awb-order-small:0;--awb-spacing-right-small:1.92%;--awb-spacing-left-small:1.92%;\" data-scroll-devices=\"small-visibility,medium-visibility,large-visibility\"><div class=\"fusion-column-wrapper fusion-column-has-shadow fusion-flex-justify-content-flex-start fusion-content-layout-column\"><div class=\"fusion-title title fusion-title-2 fusion-sep-none fusion-title-center fusion-title-text fusion-title-size-one\" style=\"--awb-text-color:#ffffff;--awb-font-size:30px;\"><h1 class=\"fusion-title-heading title-heading-center\" style=\"margin:0;font-size:1em;\">S\u00c1BADO 24 DE JUNIO<\/h1><\/div><\/div><\/div><\/div><ul style=\"--awb-odd-row-bgcolor:rgba(67,69,73,0.1);--awb-divider-color:rgba(67,69,73,0.5);--awb-line-height:27.2px;--awb-icon-width:27.2px;--awb-icon-height:27.2px;--awb-icon-margin:11.2px;--awb-content-margin:38.4px;--awb-circlecolor:var(--awb-color4);--awb-circle-yes-font-size:14.08px;\" class=\"fusion-checklist fusion-checklist-4 fusion-checklist-divider type-icons\"><li class=\"fusion-li-item\" style=\"--awb-circlecolor:var(--awb-color5);\"><span class=\"icon-wrapper circle-yes\"><i class=\"fusion-li-icon fa-angle-right fas\" aria-hidden=\"true\"><\/i><\/span><div class=\"fusion-li-item-content\">\n<p><strong>09:00 &#8211; 10:15 hs. <\/strong>|\u00a0<span style=\"color: #0b6e99;\"><strong>En los tiempos que corren\u2026 el empuje imposible a taponar<\/strong><\/span><\/p>\n<ul>\n<li>Marta Goldenberg &#8211; En los tiempos que corren\u2026 esta es mi voz<\/li>\n<li>Josefina El\u00edas &#8211; No se puede<em> ghostear <\/em>lo real<\/li>\n<li>Carolina Aiassa &#8211; Lo insoportable en el micromundo<br \/>\nAnima: Ana Simonetti<\/li>\n<\/ul>\n<\/div><\/li><\/ul><ul style=\"--awb-divider-color:rgba(67,69,73,0.5);--awb-line-height:27.2px;--awb-icon-width:27.2px;--awb-icon-height:27.2px;--awb-icon-margin:11.2px;--awb-content-margin:38.4px;--awb-circlecolor:var(--awb-color4);--awb-circle-yes-font-size:14.08px;\" class=\"fusion-checklist fusion-checklist-5 fusion-checklist-default fusion-checklist-divider type-icons\"><li class=\"fusion-li-item\" style=\"\"><span class=\"icon-wrapper circle-yes\"><i class=\"fusion-li-icon fa-angle-right fas\" aria-hidden=\"true\"><\/i><\/span><div class=\"fusion-li-item-content\">\n<p><strong>10:15 &#8211; 10:20 hs. <\/strong>| <span style=\"color: #0b6e99;\"><strong>Presentaci\u00f3n del XI ENAPOL<br \/>\n<\/strong><\/span>Empezar a Analizarse<span style=\"color: #0b6e99;\"><strong><br \/>\n<\/strong><\/span><\/p>\n<\/div><\/li><li class=\"fusion-li-item\" style=\"\"><span class=\"icon-wrapper circle-yes\"><i class=\"fusion-li-icon fa-angle-right fas\" aria-hidden=\"true\"><\/i><\/span><div class=\"fusion-li-item-content\">\n<p><strong>10:30 &#8211; 11:30 hs. <\/strong>|<span style=\"color: #0b6e99;\"><strong> Trabajo de Escuela<br \/>\n<\/strong><\/span><span style=\"color: #ffffff;\">.<\/span><\/p>\n<ul>\n<li><span style=\"color: #000000;\"><strong>SALA ROJA<br \/>\n<\/strong><\/span><span style=\"color: #0b6e99;\"><strong>Lo imposible de soportar, \u00bfc\u00f3mo tratarlo? An\u00e1lisis como soporte de la separaci\u00f3n del Otro<\/strong><\/span><\/p>\n<ul>\n<li>\u201cAlgo pasa\u201d &#8211; Andrea Noriega<\/li>\n<li>Interpretar al ni\u00f1o &#8211; Marisol Fullana*<br \/>\nAnima: Sabina Serniotti<br \/>\n<span style=\"color: #ffffff;\">.<\/span><\/li>\n<\/ul>\n<\/li>\n<\/ul>\n<ul>\n<li><span style=\"color: #000000;\"><strong>SALA AMARILLA<br \/>\n<\/strong><\/span><span style=\"color: #0b6e99;\"><strong>Cl\u00ednica de lo real. Urgencias en las entradas y salidas. Impasses<\/strong><\/span><\/p>\n<ul>\n<li>\u2026tratamiento posible\u2026 &#8211; Silvina Sanmartino<\/li>\n<li>La denunciante serial &#8211; Silvia Quinteros*<br \/>\nAnima: Rosa Yurevich<br \/>\n<span style=\"color: #ffffff;\">.<\/span><\/li>\n<\/ul>\n<\/li>\n<\/ul>\n<ul>\n<li><span style=\"color: #000000;\"><span style=\"color: #000000;\"><strong>SALA VERDE<br \/>\n<\/strong><\/span><\/span><span style=\"color: #0b6e99;\"><strong>Lo insoportable, \u00bfc\u00f3mo tratarlo? Analista soporte<\/strong><\/span><\/p>\n<ul>\n<li>El<em> analista-soporte <\/em>en la psicosis &#8211; Mariana G\u00f3mez<\/li>\n<li><em>Insoportable-soporte<\/em> &#8211; Ana Paula Tumas*<br \/>\nAnima: Javier Cabrera<br \/>\n<span style=\"color: #ffffff;\">.<\/span><\/li>\n<\/ul>\n<\/li>\n<\/ul>\n<ul>\n<li><span style=\"color: #000000;\"><span style=\"color: #000000;\"><strong>SALA NARANJA<br \/>\n<\/strong><\/span><\/span><span style=\"color: #0b6e99;\"><strong>Lo imposible de soportar, antes, durante y a la salida de un an\u00e1lisis. An\u00e1lisis como soporte<\/strong><\/span><\/p>\n<ul>\n<li>Un H\u00e9rcules, un hombre &#8211; Lilian Giubetich<\/li>\n<li>Un lugar &#8211; Eugenia Dest\u00e9fanis*<\/li>\n<li>Un lobo de cristal &#8211; Mar\u00eda Jos\u00e9 Borgogno*<br \/>\nAnima: Candela M\u00e9ndez<br \/>\n<span style=\"color: #ffffff;\">.<\/span><\/li>\n<\/ul>\n<\/li>\n<\/ul>\n<ul>\n<li><strong>SALA AZ\u00daL<\/strong><br \/>\n<span style=\"color: #0b6e99;\"><strong>Lo insoportable en la infancia, \u00bfc\u00f3mo tratarlo? Soluciones<\/strong><\/span><\/p>\n<ul>\n<li>Salidas a lo imposible de soportar, bajo transferencia &#8211; Silvia Perassi<\/li>\n<li>El secretario &#8211; Mar\u00eda Imberti*<br \/>\nAnima: Gustavo Moreno<\/li>\n<\/ul>\n<\/li>\n<\/ul>\n<\/div><\/li><li class=\"fusion-li-item\" style=\"\"><span class=\"icon-wrapper circle-yes\"><i class=\"fusion-li-icon fa-angle-right fas\" aria-hidden=\"true\"><\/i><\/span><div class=\"fusion-li-item-content\">\n<p><strong>11:45 &#8211; 12:45 hs. <\/strong>|<span style=\"color: #0b6e99;\"><strong> Trabajo de Escuela<br \/>\n<\/strong><\/span><span style=\"color: #ffffff;\">.<\/span><\/p>\n<ul>\n<li><span style=\"color: #000000;\"><strong>SALA ROJA<br \/>\n<\/strong><\/span><span style=\"color: #0b6e99;\"><strong>Lo imposible de soportar, momentos l\u00f3gicos de un an\u00e1lisis<\/strong><\/span><\/p>\n<ul>\n<li>Otras mujeres &#8211; Adriana Katsuda<\/li>\n<li>Una mujer sin cabeza &#8211; Mariano Ambrosino*<br \/>\nAnima: Pilar Ord\u00f3\u00f1ez<br \/>\n<span style=\"color: #ffffff;\">.<\/span><\/li>\n<\/ul>\n<\/li>\n<\/ul>\n<ul>\n<li><span style=\"color: #000000;\"><strong>SALA AMARILLA<br \/>\n<\/strong><\/span><span style=\"color: #0b6e99;\"><strong>Lo imposible de soportar \u00bfc\u00f3mo tratarlo? Cuerpos ca\u00eddos, arreglos sintom\u00e1ticos<\/strong><\/span><\/p>\n<ul>\n<li>\u00bfC\u00f3mo tratarlo? &#8211; Luciana Rolando<\/li>\n<li>Un cuerpo fr\u00e1gil &#8211; Christian Valenzuela*<br \/>\nAnima: Ana Gallegos<br \/>\n<span style=\"color: #ffffff;\">.<\/span><\/li>\n<\/ul>\n<\/li>\n<\/ul>\n<ul>\n<li><span style=\"color: #000000;\"><span style=\"color: #000000;\"><strong>SALA VERDE<br \/>\n<\/strong><\/span><\/span><span style=\"color: #0b6e99;\"><strong>Lo insoportable de la infancia, \u00bfc\u00f3mo tratarlo? Arreglos<\/strong><\/span><\/p>\n<ul>\n<li>Entre impotencia paterna y prepotencia materna &#8211; Gabriela Chiavassa<\/li>\n<li>Del susurro a la dignidad del decir &#8211; Agostina Ventre*<br \/>\nAnima: Diana Paulozky<br \/>\n<span style=\"color: #ffffff;\">.<\/span><\/li>\n<\/ul>\n<\/li>\n<\/ul>\n<ul>\n<li><span style=\"color: #000000;\"><span style=\"color: #000000;\"><strong>SALA NARANJA<br \/>\n<\/strong><\/span><\/span><span style=\"color: #0b6e99;\"><strong>Lo insoportable del misterio del cuerpo a la salida de la infancia \u00bfC\u00f3mo tratarlo?<\/strong><\/span><\/p>\n<ul>\n<li>\u201cMe qued\u00e9 asustada del coraz\u00f3n\u201d &#8211; Beatriz Gregoret<\/li>\n<li>Con la analista, una descarga que cuenta &#8211; Julia Reznichenco*<br \/>\nAnima: Jos\u00e9 Vidal<br \/>\n<span style=\"color: #ffffff;\">.<\/span><\/li>\n<\/ul>\n<\/li>\n<\/ul>\n<ul>\n<li><strong>SALA AZ\u00daL<\/strong><br \/>\n<span style=\"color: #0b6e99;\"><strong>La inmersi\u00f3n en la Escuela, lo insoportable y los efectos de formaci\u00f3n en la extensi\u00f3n<\/strong><\/span><\/p>\n<ul>\n<li>La hora del t\u00e9 &#8211; Eugenia Molina<\/li>\n<li>\u00bfQu\u00e9 es lo imposible de soportar en una Instituci\u00f3n? &#8211; Estela Granja*<br \/>\nAnima: Alejandro Willington<\/li>\n<\/ul>\n<\/li>\n<\/ul>\n<\/div><\/li><li class=\"fusion-li-item\" style=\"\"><span class=\"icon-wrapper circle-yes\"><i class=\"fusion-li-icon fa-angle-right fas\" aria-hidden=\"true\"><\/i><\/span><div class=\"fusion-li-item-content\">\n<p><strong>12:45 &#8211; 15:00 hs. <\/strong>| <span style=\"color: #0b6e99;\"><b>Receso<\/b><\/span><\/p>\n<\/div><\/li><\/ul><ul style=\"--awb-odd-row-bgcolor:rgba(67,69,73,0.1);--awb-divider-color:rgba(67,69,73,0.5);--awb-line-height:27.2px;--awb-icon-width:27.2px;--awb-icon-height:27.2px;--awb-icon-margin:11.2px;--awb-content-margin:38.4px;--awb-circlecolor:var(--awb-color4);--awb-circle-yes-font-size:14.08px;\" class=\"fusion-checklist fusion-checklist-6 fusion-checklist-divider type-icons\"><li class=\"fusion-li-item\" style=\"--awb-circlecolor:var(--awb-color5);\"><span class=\"icon-wrapper circle-yes\"><i class=\"fusion-li-icon fa-angle-right fas\" aria-hidden=\"true\"><\/i><\/span><div class=\"fusion-li-item-content\">\n<p><strong>15:00 &#8211; 16:30 hs. <\/strong>| <span style=\"color: #0b6e99;\"><strong>El Pase: \u00abHacerse agente de lo imposible \u00ab<\/strong><\/span><br \/>\nJorge Assef<br \/>\n<strong>Conversa<\/strong>: Adriana Lai\u00f3n<\/p>\n<\/div><\/li><\/ul><ul style=\"--awb-divider-color:rgba(67,69,73,0.5);--awb-line-height:27.2px;--awb-icon-width:27.2px;--awb-icon-height:27.2px;--awb-icon-margin:11.2px;--awb-content-margin:38.4px;--awb-circlecolor:var(--awb-color4);--awb-circle-yes-font-size:14.08px;\" class=\"fusion-checklist fusion-checklist-7 fusion-checklist-default fusion-checklist-divider type-icons\"><li class=\"fusion-li-item\" style=\"\"><span class=\"icon-wrapper circle-yes\"><i class=\"fusion-li-icon fa-angle-right fas\" aria-hidden=\"true\"><\/i><\/span><div class=\"fusion-li-item-content\">\n<p><strong>16:30 &#8211; 16:35 hs. <\/strong>| <span style=\"color: #0b6e99;\"><strong>Presentaci\u00f3n 32 Jornadas Anuales de la EOL<br \/>\n<\/strong><\/span>C\u00f3mo tiene \u00e9xito el Psicoan\u00e1lisis<br \/>\nCeleste Vi\u00f1al, Silvia Pino, Mar\u00eda de los \u00c1ngeles C\u00f3rdoba<span style=\"color: #0b6e99;\"><strong><br \/>\n<\/strong><\/span><\/p>\n<\/div><\/li><\/ul><ul style=\"--awb-odd-row-bgcolor:rgba(67,69,73,0.1);--awb-divider-color:rgba(67,69,73,0.5);--awb-line-height:27.2px;--awb-icon-width:27.2px;--awb-icon-height:27.2px;--awb-icon-margin:11.2px;--awb-content-margin:38.4px;--awb-circlecolor:var(--awb-color4);--awb-circle-yes-font-size:14.08px;\" class=\"fusion-checklist fusion-checklist-8 fusion-checklist-divider type-icons\"><li class=\"fusion-li-item\" style=\"--awb-circlecolor:var(--awb-color5);\"><span class=\"icon-wrapper circle-yes\"><i class=\"fusion-li-icon fa-angle-right fas\" aria-hidden=\"true\"><\/i><\/span><div class=\"fusion-li-item-content\">\n<p><strong>16:35 &#8211; 18:20 hs. <\/strong>| <span style=\"color: #0b6e99;\"><strong>La inmersi\u00f3n en la Escuela \u00bfQu\u00e9 acciones lacanianas posibles?<\/strong><\/span><\/p>\n<ul>\n<li>Nadar como se pueda &#8211; Manuel Zlotnik<\/li>\n<li>Una pol\u00edtica del despertar &#8211; Gabriela Camaly<\/li>\n<li>Tomar el riesgo &#8211; Estela Carrera<br \/>\nConversan: Cristina Mart\u00ednez de Bocca y Liliana Aguilar<\/li>\n<\/ul>\n<\/div><\/li><\/ul><ul style=\"--awb-divider-color:rgba(67,69,73,0.5);--awb-line-height:27.2px;--awb-icon-width:27.2px;--awb-icon-height:27.2px;--awb-icon-margin:11.2px;--awb-content-margin:38.4px;--awb-circlecolor:var(--awb-color4);--awb-circle-yes-font-size:14.08px;\" class=\"fusion-checklist fusion-checklist-9 fusion-checklist-default fusion-checklist-divider type-icons\"><li class=\"fusion-li-item\" style=\"\"><span class=\"icon-wrapper circle-yes\"><i class=\"fusion-li-icon fa-angle-right fas\" aria-hidden=\"true\"><\/i><\/span><div class=\"fusion-li-item-content\">\n<p><strong>18:20 hs. <\/strong>| <span style=\"color: #0b6e99;\"><strong>Cierre<br \/>\n<\/strong><\/span>No hay puntada sin hilo\u2026<\/p>\n<\/div><\/li><\/ul><\/div><\/div><\/div><\/div><div class=\"fusion-fullwidth fullwidth-box fusion-builder-row-3 fusion-flex-container has-pattern-background has-mask-background nonhundred-percent-fullwidth non-hundred-percent-height-scrolling\" style=\"--awb-border-radius-top-left:0px;--awb-border-radius-top-right:0px;--awb-border-radius-bottom-right:0px;--awb-border-radius-bottom-left:0px;--awb-margin-top:40px;--awb-flex-wrap:wrap;\" ><div class=\"fusion-builder-row fusion-row fusion-flex-align-items-flex-start fusion-flex-content-wrap\" style=\"max-width:1352px;margin-left: calc(-4% \/ 2 );margin-right: calc(-4% \/ 2 );\"><div class=\"fusion-layout-column fusion_builder_column fusion-builder-column-2 fusion_builder_column_1_1 1_1 fusion-flex-column\" style=\"--awb-bg-size:cover;--awb-width-large:100%;--awb-margin-top-large:0px;--awb-spacing-right-large:1.92%;--awb-margin-bottom-large:20px;--awb-spacing-left-large:1.92%;--awb-width-medium:100%;--awb-order-medium:0;--awb-spacing-right-medium:1.92%;--awb-spacing-left-medium:1.92%;--awb-width-small:100%;--awb-order-small:0;--awb-spacing-right-small:1.92%;--awb-spacing-left-small:1.92%;\"><div class=\"fusion-column-wrapper fusion-column-has-shadow fusion-flex-justify-content-flex-start fusion-content-layout-column\"><div class=\"fusion-text fusion-text-1\"><p>*Participa en calidad de cartelizante<\/p>\n<\/div><\/div><\/div><\/div><\/div><\/p>\n","protected":false},"excerpt":{"rendered":"","protected":false},"author":1,"featured_media":0,"parent":0,"menu_order":7,"comment_status":"closed","ping_status":"closed","template":"","meta":{"footnotes":""},"class_list":["post-26","page","type-page","status-publish","hentry"],"_links":{"self":[{"href":"https:\/\/eolcba.com.ar\/jornadas2023\/wp-json\/wp\/v2\/pages\/26","targetHints":{"allow":["GET"]}}],"collection":[{"href":"https:\/\/eolcba.com.ar\/jornadas2023\/wp-json\/wp\/v2\/pages"}],"about":[{"href":"https:\/\/eolcba.com.ar\/jornadas2023\/wp-json\/wp\/v2\/types\/page"}],"author":[{"embeddable":true,"href":"https:\/\/eolcba.com.ar\/jornadas2023\/wp-json\/wp\/v2\/users\/1"}],"replies":[{"embeddable":true,"href":"https:\/\/eolcba.com.ar\/jornadas2023\/wp-json\/wp\/v2\/comments?post=26"}],"version-history":[{"count":12,"href":"https:\/\/eolcba.com.ar\/jornadas2023\/wp-json\/wp\/v2\/pages\/26\/revisions"}],"predecessor-version":[{"id":297,"href":"https:\/\/eolcba.com.ar\/jornadas2023\/wp-json\/wp\/v2\/pages\/26\/revisions\/297"}],"wp:attachment":[{"href":"https:\/\/eolcba.com.ar\/jornadas2023\/wp-json\/wp\/v2\/media?parent=26"}],"curies":[{"name":"wp","href":"https:\/\/api.w.org\/{rel}","templated":true}]}}