{"id":16,"date":"2023-03-26T18:44:22","date_gmt":"2023-03-26T21:44:22","guid":{"rendered":"https:\/\/eolcba.com.ar\/jornadas2023\/?page_id=16"},"modified":"2023-05-30T20:09:27","modified_gmt":"2023-05-30T23:09:27","slug":"bibliografia","status":"publish","type":"page","link":"https:\/\/eolcba.com.ar\/jornadas2023\/bibliografia\/","title":{"rendered":"BIBLIOGRAF\u00cdA"},"content":{"rendered":"<div class=\"fusion-fullwidth fullwidth-box fusion-builder-row-1 fusion-flex-container has-pattern-background has-mask-background nonhundred-percent-fullwidth non-hundred-percent-height-scrolling\" style=\"--awb-border-radius-top-left:0px;--awb-border-radius-top-right:0px;--awb-border-radius-bottom-right:0px;--awb-border-radius-bottom-left:0px;--awb-flex-wrap:wrap;\" ><div class=\"fusion-builder-row fusion-row fusion-flex-align-items-flex-start fusion-flex-content-wrap\" style=\"max-width:1352px;margin-left: calc(-4% \/ 2 );margin-right: calc(-4% \/ 2 );\"><div class=\"fusion-layout-column fusion_builder_column fusion-builder-column-0 fusion_builder_column_1_1 1_1 fusion-flex-column\" style=\"--awb-bg-size:cover;--awb-width-large:100%;--awb-margin-top-large:0px;--awb-spacing-right-large:1.92%;--awb-margin-bottom-large:20px;--awb-spacing-left-large:1.92%;--awb-width-medium:100%;--awb-order-medium:0;--awb-spacing-right-medium:1.92%;--awb-spacing-left-medium:1.92%;--awb-width-small:100%;--awb-order-small:0;--awb-spacing-right-small:1.92%;--awb-spacing-left-small:1.92%;\"><div class=\"fusion-column-wrapper fusion-column-has-shadow fusion-flex-justify-content-flex-start fusion-content-layout-column\"><div style=\"text-align:right;\"><a class=\"fusion-button button-flat fusion-button-default-size button-default fusion-button-default button-1 fusion-button-default-span fusion-button-default-type\" target=\"_blank\" rel=\"noopener noreferrer\" href=\"https:\/\/eolcba.com.ar\/jornadas2023\/wp-content\/uploads\/sites\/9\/2023\/05\/EOL-Bibliografia-Jornadas.pdf\"><span class=\"fusion-button-text awb-button__text awb-button__text--default\">VERSI\u00d3N EN PDF<\/span><\/a><\/div><div class=\"fusion-separator fusion-full-width-sep\" style=\"align-self: center;margin-left: auto;margin-right: auto;margin-top:20px;margin-bottom:20px;width:100%;\"><\/div><div class=\"fusion-text fusion-text-1\"><p style=\"text-align: justify;\"><strong>SOPORTE BIBLIOGR\u00c1FICO<\/strong><\/p>\n<p style=\"text-align: justify;\">El argumento y los ejes propuestos por la comisi\u00f3n cient\u00edfica, orientaron esta <em>selecci\u00f3n incauta<\/em> de citas: ellas nos tomaron, atrap\u00e1ndonos en su decir. Les proponemos leerlas como si fuera la primera vez que las encuentran, dej\u00e1ndose impactar por ellas, con el esp\u00edritu de \u201clo no marcado de la ingenuidad, a partir de lo cual tantas cosas tomar\u00edan su lugar.\u201d<a href=\"#_ftn1\" name=\"_ftnref1\">[1]<\/a><\/p>\n<p style=\"text-align: justify;\">Esta vez, lo llamamos <em>Soporte bibliogr\u00e1fico<\/em>, haciendo uso de la distinci\u00f3n sem\u00e1ntica entre \u201csoporte\u201d y \u201csoportar\u201d, propuesta en el argumento de las Jornadas.<\/p>\n<p style=\"text-align: justify;\">J.-A. Miller, en <em>Sutilezas anal\u00edticas<\/em>, dice que Lacan es su compa\u00f1ero, al que interroga, y se toma de su mano para encontrar c\u00f3mo orientarse en los an\u00e1lisis que duran. Con esa perspectiva, les acercamos este <em>apoyo-soporte<\/em> para andar por el camino, a veces oscuro, de la pr\u00e1ctica anal\u00edtica y su real.<\/p>\n<p style=\"text-align: justify;\">La comunidad lectora que particip\u00f3 de esta b\u00fasqueda se conform\u00f3 con la comisi\u00f3n de Biblioteca integrada por Javier Cabrera, Guido Coll, Graciela Diosque y Josefina El\u00edas; y de la que participan Laura Cecchini, Anal\u00eda Ghirardotto y Fernando Tarrag\u00f3; y la comisi\u00f3n de Mediodicho digital, coordinada por Luc\u00eda Bringas, e integrada por Andrea Noriega, Alvaro Stella y de la que participa Luz Camozzi.<\/p>\n<p style=\"text-align: justify;\">Deseo que la lectura de estas referencias, sirvan de <em>soporte<\/em> para sus trabajos hacia las Jornadas!<\/p>\n<p style=\"text-align: justify;\">Silvia Perassi<\/p>\n<hr \/>\n<p style=\"text-align: justify;\"><a href=\"#_ftnref1\" name=\"_ftn1\">[1]<\/a> Lacan, J. \u201cProposici\u00f3n del 9 de Octubre de 1967\u201d, <em>Otros escritos<\/em>, Buenos Aires, Paid\u00f3s, 2012, p. 268.<\/p>\n<\/div><\/div><\/div><\/div><\/div>\n","protected":false},"excerpt":{"rendered":"","protected":false},"author":1,"featured_media":0,"parent":0,"menu_order":3,"comment_status":"closed","ping_status":"closed","template":"","meta":{"footnotes":""},"class_list":["post-16","page","type-page","status-publish","hentry"],"_links":{"self":[{"href":"https:\/\/eolcba.com.ar\/jornadas2023\/wp-json\/wp\/v2\/pages\/16","targetHints":{"allow":["GET"]}}],"collection":[{"href":"https:\/\/eolcba.com.ar\/jornadas2023\/wp-json\/wp\/v2\/pages"}],"about":[{"href":"https:\/\/eolcba.com.ar\/jornadas2023\/wp-json\/wp\/v2\/types\/page"}],"author":[{"embeddable":true,"href":"https:\/\/eolcba.com.ar\/jornadas2023\/wp-json\/wp\/v2\/users\/1"}],"replies":[{"embeddable":true,"href":"https:\/\/eolcba.com.ar\/jornadas2023\/wp-json\/wp\/v2\/comments?post=16"}],"version-history":[{"count":7,"href":"https:\/\/eolcba.com.ar\/jornadas2023\/wp-json\/wp\/v2\/pages\/16\/revisions"}],"predecessor-version":[{"id":224,"href":"https:\/\/eolcba.com.ar\/jornadas2023\/wp-json\/wp\/v2\/pages\/16\/revisions\/224"}],"wp:attachment":[{"href":"https:\/\/eolcba.com.ar\/jornadas2023\/wp-json\/wp\/v2\/media?parent=16"}],"curies":[{"name":"wp","href":"https:\/\/api.w.org\/{rel}","templated":true}]}}